{"id":1024,"date":"2022-05-18T12:42:47","date_gmt":"2022-05-18T10:42:47","guid":{"rendered":"https:\/\/advocatsarasa.com\/?post_type=project&#038;p=1024"},"modified":"2022-05-18T13:34:21","modified_gmt":"2022-05-18T11:34:21","slug":"abogado-patrimonial-reus","status":"publish","type":"project","link":"https:\/\/advocatsarasa.com\/es\/project\/abogado-patrimonial-reus\/","title":{"rendered":"Abogado Patrimonial Reus"},"content":{"rendered":"<p>[et_pb_section fb_built=\u00bb1&#8243; admin_label=\u00bbPage Title Section\u00bb _builder_version=\u00bb4.16&#8243; use_background_color_gradient=\u00bbon\u00bb background_color_gradient_stops=\u00bb#313e47 0%|rgba(49,62,71,0.5) 100%\u00bb background_color_gradient_overlays_image=\u00bbon\u00bb background_color_gradient_start=\u00bb#313e47&#8243; background_color_gradient_end=\u00bbrgba(49,62,71,0.5)\u00bb background_image=\u00bbhttps:\/\/advocatsarasa.com\/wp-content\/uploads\/2022\/01\/portada1-scaled.jpg\u00bb custom_padding=\u00bb40px||40px||false|false\u00bb global_colors_info=\u00bb{}\u00bb][et_pb_row use_custom_gutter=\u00bbon\u00bb gutter_width=\u00bb2&#8243; make_equal=\u00bbon\u00bb admin_label=\u00bbPage Title Area\u00bb _builder_version=\u00bb4.16&#8243; background_size=\u00bbinitial\u00bb background_position=\u00bbtop_left\u00bb background_repeat=\u00bbrepeat\u00bb module_alignment=\u00bbcenter\u00bb custom_margin=\u00bb0px|0px|0px|0px|false|false\u00bb custom_padding=\u00bb0px|0px|0px|0px|false|false\u00bb global_colors_info=\u00bb{}\u00bb][et_pb_column type=\u00bb4_4&#8243; _builder_version=\u00bb4.16&#8243; custom_padding=\u00bb|||\u00bb global_colors_info=\u00bb{}\u00bb custom_padding__hover=\u00bb|||\u00bb][et_pb_text admin_label=\u00bbPage Title\u00bb _builder_version=\u00bb4.17.3&#8243; text_font=\u00bb||||||||\u00bb text_text_color=\u00bb#ffffff\u00bb text_font_size=\u00bb18px\u00bb text_line_height=\u00bb2em\u00bb header_font=\u00bbHelvetica normal||||||||\u00bb header_font_size=\u00bb60px\u00bb header_line_height=\u00bb1.6em\u00bb header_3_font=\u00bb||||||||\u00bb header_3_line_height=\u00bb1.8em\u00bb text_orientation=\u00bbcenter\u00bb background_layout=\u00bbdark\u00bb max_width=\u00bb700px\u00bb module_alignment=\u00bbcenter\u00bb custom_margin=\u00bb||10px|\u00bb animation_style=\u00bbfade\u00bb header_font_size_tablet=\u00bb40px\u00bb header_font_size_phone=\u00bb\u00bb header_font_size_last_edited=\u00bbon|desktop\u00bb global_colors_info=\u00bb{}\u00bb]<\/p>\n<h1>Abogado Patrimonial Reus<\/h1>\n<p>[\/et_pb_text][\/et_pb_column][\/et_pb_row][\/et_pb_section][et_pb_section fb_built=\u00bb1&#8243; disabled_on=\u00bbon|on|off\u00bb admin_label=\u00bbQuote Section\u00bb _builder_version=\u00bb4.16&#8243; min_height=\u00bb859.4px\u00bb custom_margin=\u00bb0px|0px|0px|0px|false|false\u00bb custom_padding=\u00bb50px|0px|50px|0px|false|false\u00bb border_color_all=\u00bbrgba(255,186,96,0.6)\u00bb border_width_right=\u00bb8vw\u00bb border_color_right=\u00bb#1d4e89&#8243; global_colors_info=\u00bb{}\u00bb][et_pb_row column_structure=\u00bb1_2,1_2&#8243; admin_label=\u00bbQuote Area\u00bb _builder_version=\u00bb4.16&#8243; use_custom_width=\u00bbon\u00bb global_colors_info=\u00bb{}\u00bb][et_pb_column type=\u00bb1_2&#8243; _builder_version=\u00bb4.16&#8243; custom_padding=\u00bb|||\u00bb global_colors_info=\u00bb{}\u00bb custom_padding__hover=\u00bb|||\u00bb][et_pb_text admin_label=\u00bbAuthor Name\u00bb _builder_version=\u00bb4.17.3&#8243; text_font=\u00bb|600||on|||||\u00bb text_text_color=\u00bb#1d4e89&#8243; text_letter_spacing=\u00bb4px\u00bb header_font=\u00bb||||||||\u00bb header_4_font=\u00bb||||||||\u00bb module_alignment=\u00bbcenter\u00bb animation_style=\u00bbslide\u00bb animation_direction=\u00bbbottom\u00bb animation_intensity_slide=\u00bb10%\u00bb animation_starting_opacity=\u00bb100%\u00bb global_colors_info=\u00bb{}\u00bb]<\/p>\n<p>&#8211; Abogado Patrimonial Reus<\/p>\n<p>[\/et_pb_text][\/et_pb_column][et_pb_column type=\u00bb1_2&#8243; _builder_version=\u00bb4.16&#8243; custom_padding=\u00bb|||\u00bb global_colors_info=\u00bb{}\u00bb custom_padding__hover=\u00bb|||\u00bb][\/et_pb_column][\/et_pb_row][et_pb_row column_structure=\u00bb1_2,1_2&#8243; use_custom_gutter=\u00bbon\u00bb gutter_width=\u00bb2&#8243; make_equal=\u00bbon\u00bb admin_label=\u00bbProject Image Area\u00bb _builder_version=\u00bb4.16&#8243; module_alignment=\u00bbcenter\u00bb custom_margin=\u00bb0px|0px|0px|0px|false|false\u00bb custom_padding=\u00bb0px|0px|0px|0px|false|false\u00bb global_colors_info=\u00bb{}\u00bb][et_pb_column type=\u00bb1_2&#8243; _builder_version=\u00bb4.16&#8243; custom_padding=\u00bb|||\u00bb global_colors_info=\u00bb{}\u00bb custom_padding__hover=\u00bb|||\u00bb][et_pb_image src=\u00bbhttps:\/\/advocatsarasa.com\/wp-content\/uploads\/2022\/05\/LINKEDIN-ADVOCATS-ARASA-1.jpg\u00bb alt=\u00bbAbogado Patrimonial Reus\u00bb title_text=\u00bbAbogado Patrimonial Reus\u00bb show_bottom_space=\u00bboff\u00bb force_fullwidth=\u00bbon\u00bb align_tablet=\u00bbcenter\u00bb align_phone=\u00bbcenter\u00bb align_last_edited=\u00bbon|desktop\u00bb _builder_version=\u00bb4.17.3&#8243; custom_margin=\u00bb||29px|||\u00bb custom_padding=\u00bb|||\u00bb animation_style=\u00bbslide\u00bb animation_direction=\u00bbright\u00bb animation_intensity_slide=\u00bb2%\u00bb border_width_all=\u00bb30px\u00bb border_color_all=\u00bb#ffffff\u00bb box_shadow_style=\u00bbpreset2&#8243; box_shadow_horizontal=\u00bb0px\u00bb box_shadow_vertical=\u00bb15px\u00bb box_shadow_blur=\u00bb60px\u00bb box_shadow_color=\u00bbrgba(29,61,71,0.2)\u00bb global_colors_info=\u00bb{}\u00bb][\/et_pb_image][\/et_pb_column][et_pb_column type=\u00bb1_2&#8243; _builder_version=\u00bb4.16&#8243; custom_padding=\u00bb|||\u00bb global_colors_info=\u00bb{}\u00bb custom_padding__hover=\u00bb|||\u00bb][et_pb_blurb title=\u00bbSoporte y Defensa legal venta de bienes\u00bb use_icon=\u00bbon\u00bb font_icon=\u00bb&#x57;||divi||400&#8243; icon_placement=\u00bbleft\u00bb image_icon_width=\u00bb20px\u00bb content_max_width=\u00bb800px\u00bb _builder_version=\u00bb4.17.3&#8243; header_font=\u00bb||||||||\u00bb header_font_size=\u00bb16px\u00bb header_line_height=\u00bb2em\u00bb body_font=\u00bb||||||||\u00bb image_icon_custom_margin=\u00bb0px|0px|0px|0px|false|false\u00bb image_icon_custom_padding=\u00bb5px|0px|0px|0px|false|false\u00bb custom_margin=\u00bb||0px|\u00bb custom_padding=\u00bb|||\u00bb animation_style=\u00bbfade\u00bb hover_enabled=\u00bb0&#8243; icon_font_size=\u00bb32px\u00bb global_colors_info=\u00bb{}\u00bb sticky_enabled=\u00bb0&#8243;][\/et_pb_blurb][et_pb_blurb title=\u00bbSoporte y Defensa legal en Arrendamiento de bienes\u00bb use_icon=\u00bbon\u00bb font_icon=\u00bb&#x57;||divi||400&#8243; icon_placement=\u00bbleft\u00bb image_icon_width=\u00bb20px\u00bb content_max_width=\u00bb800px\u00bb _builder_version=\u00bb4.17.3&#8243; header_font=\u00bb||||||||\u00bb header_font_size=\u00bb16px\u00bb header_line_height=\u00bb2em\u00bb body_font=\u00bb||||||||\u00bb image_icon_custom_margin=\u00bb0px|0px|0px|0px|false|false\u00bb image_icon_custom_padding=\u00bb5px|0px|0px|0px|false|false\u00bb custom_margin=\u00bb||0px|\u00bb custom_padding=\u00bb|||\u00bb animation_style=\u00bbfade\u00bb hover_enabled=\u00bb0&#8243; icon_font_size=\u00bb32px\u00bb global_colors_info=\u00bb{}\u00bb sticky_enabled=\u00bb0&#8243;][\/et_pb_blurb][et_pb_blurb title=\u00bbSoporte y Defensa legal en optimizaci\u00f3n de bienes\u00bb use_icon=\u00bbon\u00bb font_icon=\u00bb&#x57;||divi||400&#8243; icon_placement=\u00bbleft\u00bb image_icon_width=\u00bb20px\u00bb content_max_width=\u00bb800px\u00bb _builder_version=\u00bb4.17.3&#8243; header_font=\u00bb||||||||\u00bb header_font_size=\u00bb16px\u00bb header_line_height=\u00bb2em\u00bb body_font=\u00bb||||||||\u00bb image_icon_custom_margin=\u00bb0px|0px|0px|0px|false|false\u00bb image_icon_custom_padding=\u00bb5px|0px|0px|0px|false|false\u00bb custom_margin=\u00bb||0px|\u00bb custom_padding=\u00bb|||\u00bb animation_style=\u00bbfade\u00bb hover_enabled=\u00bb0&#8243; icon_font_size=\u00bb32px\u00bb global_colors_info=\u00bb{}\u00bb sticky_enabled=\u00bb0&#8243;][\/et_pb_blurb][et_pb_blurb title=\u00bbSoporte y Defensa Legal en gesti\u00f3n de bienes\u00bb use_icon=\u00bbon\u00bb font_icon=\u00bb&#x57;||divi||400&#8243; icon_placement=\u00bbleft\u00bb image_icon_width=\u00bb20px\u00bb content_max_width=\u00bb800px\u00bb _builder_version=\u00bb4.17.3&#8243; header_font=\u00bb||||||||\u00bb header_font_size=\u00bb16px\u00bb header_line_height=\u00bb2em\u00bb body_font=\u00bb||||||||\u00bb image_icon_custom_margin=\u00bb0px|0px|0px|0px|false|false\u00bb image_icon_custom_padding=\u00bb5px|0px|0px|0px|false|false\u00bb custom_margin=\u00bb||0px|\u00bb custom_padding=\u00bb|||\u00bb animation_style=\u00bbfade\u00bb hover_enabled=\u00bb0&#8243; icon_font_size=\u00bb32px\u00bb global_colors_info=\u00bb{}\u00bb sticky_enabled=\u00bb0&#8243;][\/et_pb_blurb][\/et_pb_column][\/et_pb_row][et_pb_row column_structure=\u00bb1_2,1_2&#8243; use_custom_gutter=\u00bbon\u00bb gutter_width=\u00bb2&#8243; make_equal=\u00bbon\u00bb admin_label=\u00bbProject Image Area\u00bb _builder_version=\u00bb4.16&#8243; module_alignment=\u00bbcenter\u00bb custom_margin=\u00bb0px|0px|0px|0px|false|false\u00bb custom_padding=\u00bb0px|0px|0px|0px|false|false\u00bb global_colors_info=\u00bb{}\u00bb][et_pb_column type=\u00bb1_2&#8243; _builder_version=\u00bb4.16&#8243; custom_padding=\u00bb|||\u00bb global_colors_info=\u00bb{}\u00bb custom_padding__hover=\u00bb|||\u00bb][et_pb_blurb title=\u00bbAbogado Patrimonial Reus\u00bb use_icon=\u00bbon\u00bb font_icon=\u00bb&#x57;||divi||400&#8243; icon_placement=\u00bbleft\u00bb image_icon_width=\u00bb20px\u00bb content_max_width=\u00bb800px\u00bb _builder_version=\u00bb4.17.3&#8243; header_font=\u00bb||||||||\u00bb header_font_size=\u00bb16px\u00bb header_line_height=\u00bb2em\u00bb body_font=\u00bb||||||||\u00bb image_icon_custom_margin=\u00bb0px|0px|0px|0px|false|false\u00bb image_icon_custom_padding=\u00bb5px|0px|0px|0px|false|false\u00bb custom_margin=\u00bb||0px|\u00bb custom_padding=\u00bb|||\u00bb animation_style=\u00bbfade\u00bb hover_enabled=\u00bb0&#8243; icon_font_size=\u00bb32px\u00bb global_colors_info=\u00bb{}\u00bb sticky_enabled=\u00bb0&#8243; text_orientation=\u00bbjustified\u00bb]<\/p>\n<p>En Arasa Abogados ofrecemos nuestro servicio especializados para la Defensa legal del Patrimonio de nuestros clientes, una amplia experiencia con m\u00e1s de 40 a\u00f1os nos permiten tener un saber hacer y unos conocimientos amplios para poder ofrecer el mejor asesoramiento legal y la mejor defensa legal para cada situaci\u00f3n en su patrimonio.<\/p>\n<p>Asesoramiento y servicio jur\u00eddico para contratos\u00a0 y gesti\u00f3n de su patrimonio en Reus y provincia de Tarragona, para otras localidades no duden en consultarnos.<\/p>\n<p>Entre nuestras especialidades destacamos los siguientes servicios jur\u00eddicos:<\/p>\n<ul>\n<li><a href=\"https:\/\/advocatsarasa.com\/es\/derecho-civil-patrimonial\/\">Derecho Civil Patrimonial<\/a><\/li>\n<li><a href=\"https:\/\/advocatsarasa.com\/es\/derecho-administrativo\/\">Derecho Administrativo Local<\/a><\/li>\n<li><a href=\"https:\/\/advocatsarasa.com\/es\/derecho-administrativo\/\">Derecho Administrativo General<\/a><\/li>\n<li><a href=\"https:\/\/advocatsarasa.com\/es\/derecho-urbanistico\/\">Derecho Urban\u00edstico &#8211; Disciplina Urban\u00edstica<\/a><\/li>\n<li><a href=\"https:\/\/advocatsarasa.com\/es\/derecho-urbanistico\/\">Derecho Urban\u00edstico- Gesti\u00f3n Urban\u00edstica<\/a><\/li>\n<li><a href=\"https:\/\/advocatsarasa.com\/es\/derecho-urbanistico\/\">Derecho Urban\u00edstico &#8211; Planeamiento Urban\u00edstico<\/a><\/li>\n<li><a href=\"https:\/\/advocatsarasa.com\/es\/bioderecho\/\">Bioderecho<\/a><\/li>\n<li><a href=\"https:\/\/advocatsarasa.com\/es\/propiedad-intelectual\/\">Propiedad Intelectual<\/a><\/li>\n<\/ul>\n<p>Contacte con nuestro despacho, estaremos encantados de atender y resolver sus dudas y necesidades.<\/p>\n<p>[\/et_pb_blurb][\/et_pb_column][et_pb_column type=\u00bb1_2&#8243; _builder_version=\u00bb4.16&#8243; custom_padding=\u00bb|||\u00bb global_colors_info=\u00bb{}\u00bb custom_padding__hover=\u00bb|||\u00bb][et_pb_image src=\u00bbhttps:\/\/advocatsarasa.com\/wp-content\/uploads\/2022\/05\/A_F6190BN-1-scaled.jpeg\u00bb alt=\u00bbAbogado Patrimonial Reus\u00bb title_text=\u00bbAbogado Patrimonial Reus\u00bb show_bottom_space=\u00bboff\u00bb force_fullwidth=\u00bbon\u00bb align_tablet=\u00bbcenter\u00bb align_phone=\u00bbcenter\u00bb align_last_edited=\u00bbon|desktop\u00bb _builder_version=\u00bb4.17.3&#8243; custom_margin=\u00bb||29px|||\u00bb custom_padding=\u00bb|||\u00bb animation_style=\u00bbslide\u00bb animation_direction=\u00bbright\u00bb animation_intensity_slide=\u00bb2%\u00bb border_width_all=\u00bb30px\u00bb border_color_all=\u00bb#ffffff\u00bb box_shadow_style=\u00bbpreset2&#8243; box_shadow_horizontal=\u00bb0px\u00bb box_shadow_vertical=\u00bb15px\u00bb box_shadow_blur=\u00bb60px\u00bb box_shadow_color=\u00bbrgba(29,61,71,0.2)\u00bb global_colors_info=\u00bb{}\u00bb][\/et_pb_image][\/et_pb_column][\/et_pb_row][\/et_pb_section][et_pb_section fb_built=\u00bb1&#8243; admin_label=\u00bbFooter\u00bb _builder_version=\u00bb4.16&#8243; background_color=\u00bb#f2f2f2&#8243; custom_padding=\u00bb30px||30px|||\u00bb saved_tabs=\u00bball\u00bb locked=\u00bboff\u00bb global_colors_info=\u00bb{}\u00bb][et_pb_row _builder_version=\u00bb4.16&#8243; locked=\u00bboff\u00bb global_colors_info=\u00bb{}\u00bb][et_pb_column type=\u00bb4_4&#8243; _builder_version=\u00bb4.16&#8243; custom_padding=\u00bb|||\u00bb global_colors_info=\u00bb{}\u00bb custom_padding__hover=\u00bb|||\u00bb][et_pb_divider _builder_version=\u00bb4.16&#8243; custom_margin=\u00bb10px|||-1000px\u00bb locked=\u00bboff\u00bb global_colors_info=\u00bb{}\u00bb][\/et_pb_divider][et_pb_text _builder_version=\u00bb4.16&#8243; text_font=\u00bbWork Sans|600|||||||\u00bb text_line_height=\u00bb2em\u00bb header_font=\u00bb||||||||\u00bb header_2_font=\u00bbHelvetica normal|||on|||||\u00bb header_2_text_color=\u00bb#1d4e89&#8243; header_2_font_size=\u00bb40px\u00bb header_2_line_height=\u00bb1.2em\u00bb header_3_font=\u00bbRaleway|700||on|||||\u00bb header_3_font_size=\u00bb12px\u00bb header_3_letter_spacing=\u00bb1.5px\u00bb header_3_line_height=\u00bb2em\u00bb header_4_font=\u00bb||||||||\u00bb text_orientation=\u00bbcenter\u00bb header_2_font_size_tablet=\u00bb5vw\u00bb header_2_font_size_phone=\u00bb24px\u00bb header_2_font_size_last_edited=\u00bbon|phone\u00bb border_color_all=\u00bb#f3f1f2&#8243; locked=\u00bboff\u00bb global_colors_info=\u00bb{}\u00bb]<\/p>\n<h2>Envianos tu consulta<\/h2>\n<p>[\/et_pb_text][\/et_pb_column][\/et_pb_row][et_pb_row column_structure=\u00bb1_2,1_2&#8243; _builder_version=\u00bb4.16&#8243; global_colors_info=\u00bb{}\u00bb][et_pb_column type=\u00bb1_2&#8243; _builder_version=\u00bb4.16&#8243; custom_padding=\u00bb|||\u00bb global_colors_info=\u00bb{}\u00bb custom_padding__hover=\u00bb|||\u00bb][et_pb_blurb title=\u00bbOficina Reus\u00bb use_icon=\u00bbon\u00bb font_icon=\u00bb&#xe081;||divi||400&#8243; icon_placement=\u00bbleft\u00bb _builder_version=\u00bb4.16&#8243; _module_preset=\u00bbdefault\u00bb header_font=\u00bbHelvetica normal||||||||\u00bb body_font=\u00bbHelvetica normal||||||||\u00bb global_colors_info=\u00bb{}\u00bb]<\/p>\n<p>Pla\u00e7a Prim n\u00fam.2 1\u00ba-2\u00aa 43201 Reus (Tarragona)<\/p>\n<p>[\/et_pb_blurb][et_pb_blurb title=\u00bbTel\u00e9fono\u00bb use_icon=\u00bbon\u00bb font_icon=\u00bb&#xe090;||divi||400&#8243; icon_placement=\u00bbleft\u00bb _builder_version=\u00bb4.16&#8243; _module_preset=\u00bbdefault\u00bb header_font=\u00bbHelvetica normal||||||||\u00bb body_font=\u00bbHelvetica normal||||||||\u00bb global_colors_info=\u00bb{}\u00bb]<\/p>\n<p>625 239 168<\/p>\n<p>[\/et_pb_blurb][et_pb_blurb title=\u00bbEmail\u00bb use_icon=\u00bbon\u00bb font_icon=\u00bb&#xe076;||divi||400&#8243; icon_placement=\u00bbleft\u00bb _builder_version=\u00bb4.16&#8243; _module_preset=\u00bbdefault\u00bb header_font=\u00bbHelvetica normal||||||||\u00bb body_font=\u00bbHelvetica normal||||||||\u00bb global_colors_info=\u00bb{}\u00bb]<\/p>\n<p>maria.arasa@advocatsarasa.com<\/p>\n<p>[\/et_pb_blurb][et_pb_blurb title=\u00bbHorario\u00bb use_icon=\u00bbon\u00bb font_icon=\u00bb&#xe06b;||divi||400&#8243; icon_placement=\u00bbleft\u00bb _builder_version=\u00bb4.16&#8243; _module_preset=\u00bbdefault\u00bb header_font=\u00bbHelvetica normal||||||||\u00bb body_font=\u00bbHelvetica normal||||||||\u00bb global_colors_info=\u00bb{}\u00bb]<\/p>\n<p>Visita concertada<\/p>\n<p>[\/et_pb_blurb][\/et_pb_column][et_pb_column type=\u00bb1_2&#8243; _builder_version=\u00bb4.16&#8243; custom_padding=\u00bb|||\u00bb global_colors_info=\u00bb{}\u00bb custom_padding__hover=\u00bb|||\u00bb][et_pb_contact_form captcha=\u00bboff\u00bb email=\u00bbrafael.arasa@advocatsarasa.com,maria.arasa@advocatsarasa.com\u00bb title=\u00bbCamps obligatoris (*)\u00bb custom_message=\u00bbHola! este es un mensaje del formulario web de advocatsarasa.com, los datos de contacto son los siguientes;||et_pb_line_break_holder||||et_pb_line_break_holder||Nom i Cognoms: %%nom%%||et_pb_line_break_holder||Email: %%email1%%||et_pb_line_break_holder||Tel\u00e8fon: %%telefon%%||et_pb_line_break_holder||Consulta: %%Consulta%%||et_pb_line_break_holder||Condciones de uso: %%RGPD1%%||et_pb_line_break_holder||Pol\u00edtica de privacidad: %%RGPD2%%||et_pb_line_break_holder||Tratamiento de datos: %%RGPD3%%||et_pb_line_break_holder||Comunicaciones: %%RGPD4%%||et_pb_line_break_holder||||et_pb_line_break_holder||Muchas gracias!||et_pb_line_break_holder||Sistema web advocatsarasa.com\u00bb success_message=\u00bbMuchas gracias para contactar con nosotros, en breve contactaremos con usted, gracias por su confianza.\u00bb submit_button_text=\u00bbEnviar Consulta\u00bb _builder_version=\u00bb4.16&#8243; _unique_id=\u00bbd1da0fd4-eb1f-4643-adab-dbdae9ae778c\u00bb form_field_background_color=\u00bbrgba(0,0,0,0)\u00bb form_field_text_color=\u00bb#000000&#8243; title_font=\u00bbHelvetica normal||||||||\u00bb title_font_size=\u00bb12px\u00bb captcha_font=\u00bbHelvetica normal||||||||\u00bb form_field_font=\u00bbMontserrat|600|||||||\u00bb form_field_font_size=\u00bb15px\u00bb form_field_letter_spacing=\u00bb1.5px\u00bb custom_button=\u00bbon\u00bb button_text_size=\u00bb14px\u00bb button_text_color=\u00bb#ffffff\u00bb button_bg_color=\u00bb#1d4e89&#8243; button_border_width=\u00bb16px\u00bb button_border_color=\u00bbrgba(0,0,0,0)\u00bb button_border_radius=\u00bb0px\u00bb button_letter_spacing=\u00bb1px\u00bb button_font=\u00bbHelvetica normal|600|||||||\u00bb button_use_icon=\u00bboff\u00bb custom_padding=\u00bb|||||true\u00bb border_color_all=\u00bbrgba(49,53,64,0.2)\u00bb border_width_bottom=\u00bb1px\u00bb form_background_color=\u00bbrgba(0,0,0,0)\u00bb global_colors_info=\u00bb{}\u00bb button_bg_color__hover_enabled=\u00bbon\u00bb button_bg_color__hover=\u00bb#ea4646&#8243;][et_pb_contact_field field_id=\u00bbNom\u00bb field_title=\u00bbNombre y apellidos*\u00bb fullwidth_field=\u00bbon\u00bb _builder_version=\u00bb4.16&#8243; form_field_font=\u00bbHelvetica normal|600|||||||\u00bb custom_margin=\u00bb|||||false\u00bb custom_padding=\u00bb|||||false\u00bb global_colors_info=\u00bb{}\u00bb button_text_size__hover_enabled=\u00bboff\u00bb button_one_text_size__hover_enabled=\u00bboff\u00bb button_two_text_size__hover_enabled=\u00bboff\u00bb button_text_color__hover_enabled=\u00bboff\u00bb button_one_text_color__hover_enabled=\u00bboff\u00bb button_two_text_color__hover_enabled=\u00bboff\u00bb button_border_width__hover_enabled=\u00bboff\u00bb button_one_border_width__hover_enabled=\u00bboff\u00bb button_two_border_width__hover_enabled=\u00bboff\u00bb button_border_color__hover_enabled=\u00bboff\u00bb button_one_border_color__hover_enabled=\u00bboff\u00bb button_two_border_color__hover_enabled=\u00bboff\u00bb button_border_radius__hover_enabled=\u00bboff\u00bb button_one_border_radius__hover_enabled=\u00bboff\u00bb button_two_border_radius__hover_enabled=\u00bboff\u00bb button_letter_spacing__hover_enabled=\u00bboff\u00bb button_one_letter_spacing__hover_enabled=\u00bboff\u00bb button_two_letter_spacing__hover_enabled=\u00bboff\u00bb button_bg_color__hover_enabled=\u00bboff\u00bb button_one_bg_color__hover_enabled=\u00bboff\u00bb button_two_bg_color__hover_enabled=\u00bboff\u00bb][\/et_pb_contact_field][et_pb_contact_field field_id=\u00bbEmail1&#8243; field_title=\u00bbEmail*\u00bb field_type=\u00bbemail\u00bb fullwidth_field=\u00bbon\u00bb _builder_version=\u00bb4.16&#8243; form_field_font=\u00bbHelvetica normal|600|||||||\u00bb custom_margin=\u00bb||\u00bb global_colors_info=\u00bb{}\u00bb button_text_size__hover_enabled=\u00bboff\u00bb button_one_text_size__hover_enabled=\u00bboff\u00bb button_two_text_size__hover_enabled=\u00bboff\u00bb button_text_color__hover_enabled=\u00bboff\u00bb button_one_text_color__hover_enabled=\u00bboff\u00bb button_two_text_color__hover_enabled=\u00bboff\u00bb button_border_width__hover_enabled=\u00bboff\u00bb button_one_border_width__hover_enabled=\u00bboff\u00bb button_two_border_width__hover_enabled=\u00bboff\u00bb button_border_color__hover_enabled=\u00bboff\u00bb button_one_border_color__hover_enabled=\u00bboff\u00bb button_two_border_color__hover_enabled=\u00bboff\u00bb button_border_radius__hover_enabled=\u00bboff\u00bb button_one_border_radius__hover_enabled=\u00bboff\u00bb button_two_border_radius__hover_enabled=\u00bboff\u00bb button_letter_spacing__hover_enabled=\u00bboff\u00bb button_one_letter_spacing__hover_enabled=\u00bboff\u00bb button_two_letter_spacing__hover_enabled=\u00bboff\u00bb button_bg_color__hover_enabled=\u00bboff\u00bb button_one_bg_color__hover_enabled=\u00bboff\u00bb button_two_bg_color__hover_enabled=\u00bboff\u00bb][\/et_pb_contact_field][et_pb_contact_field field_id=\u00bbTelefon\u00bb field_title=\u00bbTel\u00e9fono*\u00bb min_length=\u00bb9&#8243; max_length=\u00bb12&#8243; allowed_symbols=\u00bbnumbers\u00bb fullwidth_field=\u00bbon\u00bb _builder_version=\u00bb4.16&#8243; form_field_font=\u00bbHelvetica normal|600|||||||\u00bb custom_margin=\u00bb||\u00bb global_colors_info=\u00bb{}\u00bb button_text_size__hover_enabled=\u00bboff\u00bb button_one_text_size__hover_enabled=\u00bboff\u00bb button_two_text_size__hover_enabled=\u00bboff\u00bb button_text_color__hover_enabled=\u00bboff\u00bb button_one_text_color__hover_enabled=\u00bboff\u00bb button_two_text_color__hover_enabled=\u00bboff\u00bb button_border_width__hover_enabled=\u00bboff\u00bb button_one_border_width__hover_enabled=\u00bboff\u00bb button_two_border_width__hover_enabled=\u00bboff\u00bb button_border_color__hover_enabled=\u00bboff\u00bb button_one_border_color__hover_enabled=\u00bboff\u00bb button_two_border_color__hover_enabled=\u00bboff\u00bb button_border_radius__hover_enabled=\u00bboff\u00bb button_one_border_radius__hover_enabled=\u00bboff\u00bb button_two_border_radius__hover_enabled=\u00bboff\u00bb button_letter_spacing__hover_enabled=\u00bboff\u00bb button_one_letter_spacing__hover_enabled=\u00bboff\u00bb button_two_letter_spacing__hover_enabled=\u00bboff\u00bb button_bg_color__hover_enabled=\u00bboff\u00bb button_one_bg_color__hover_enabled=\u00bboff\u00bb button_two_bg_color__hover_enabled=\u00bboff\u00bb][\/et_pb_contact_field][et_pb_contact_field field_id=\u00bbConsulta\u00bb field_title=\u00bbConsulta*\u00bb field_type=\u00bbtext\u00bb fullwidth_field=\u00bbon\u00bb _builder_version=\u00bb4.16&#8243; form_field_font=\u00bbHelvetica normal|600|||||||\u00bb custom_margin=\u00bb||40px\u00bb global_colors_info=\u00bb{}\u00bb button_text_size__hover_enabled=\u00bboff\u00bb button_one_text_size__hover_enabled=\u00bboff\u00bb button_two_text_size__hover_enabled=\u00bboff\u00bb button_text_color__hover_enabled=\u00bboff\u00bb button_one_text_color__hover_enabled=\u00bboff\u00bb button_two_text_color__hover_enabled=\u00bboff\u00bb button_border_width__hover_enabled=\u00bboff\u00bb button_one_border_width__hover_enabled=\u00bboff\u00bb button_two_border_width__hover_enabled=\u00bboff\u00bb button_border_color__hover_enabled=\u00bboff\u00bb button_one_border_color__hover_enabled=\u00bboff\u00bb button_two_border_color__hover_enabled=\u00bboff\u00bb button_border_radius__hover_enabled=\u00bboff\u00bb button_one_border_radius__hover_enabled=\u00bboff\u00bb button_two_border_radius__hover_enabled=\u00bboff\u00bb button_letter_spacing__hover_enabled=\u00bboff\u00bb button_one_letter_spacing__hover_enabled=\u00bboff\u00bb button_two_letter_spacing__hover_enabled=\u00bboff\u00bb button_bg_color__hover_enabled=\u00bboff\u00bb button_one_bg_color__hover_enabled=\u00bboff\u00bb button_two_bg_color__hover_enabled=\u00bboff\u00bb][\/et_pb_contact_field][et_pb_contact_field field_id=\u00bbRGPD1&#8243; field_title=\u00bbCondiciones de uso*\u00bb field_type=\u00bbcheckbox\u00bb checkbox_options=\u00bb%91{%22value%22:%22Acepto los t\u00e9rminos y condiciones de uso%22,%22checked%22:0,%22dragID%22:-1,%22link_url%22:%22https:\/\/advocatsarasa.com\/es\/aviso-legal\/%22}%93&#8243; fullwidth_field=\u00bbon\u00bb _builder_version=\u00bb4.16&#8243; _module_preset=\u00bbdefault\u00bb form_field_background_color=\u00bb#FFFFFF\u00bb form_field_text_color=\u00bb#000000&#8243; form_field_focus_background_color=\u00bb#FFFFFF\u00bb form_field_focus_text_color=\u00bb#000000&#8243; form_field_font=\u00bbHelvetica normal|600|on||||||\u00bb form_field_font_size=\u00bb10px\u00bb border_width_all=\u00bb1px\u00bb border_color_all=\u00bb#000000&#8243; global_colors_info=\u00bb{}\u00bb][\/et_pb_contact_field][et_pb_contact_field field_id=\u00bbRGPD2&#8243; field_title=\u00bbPol\u00edtica privacidad*\u00bb field_type=\u00bbcheckbox\u00bb checkbox_options=\u00bb%91{%22value%22:%22Acepto la pol\u00edtica de privacidad%22,%22checked%22:0,%22dragID%22:-1,%22link_url%22:%22https:\/\/advocatsarasa.com\/es\/politica-de-privacidad\/%22}%93&#8243; fullwidth_field=\u00bbon\u00bb _builder_version=\u00bb4.16&#8243; _module_preset=\u00bbdefault\u00bb form_field_background_color=\u00bb#FFFFFF\u00bb form_field_text_color=\u00bb#000000&#8243; form_field_focus_background_color=\u00bb#FFFFFF\u00bb form_field_focus_text_color=\u00bb#000000&#8243; form_field_font=\u00bbHelvetica normal|600|on||||||\u00bb form_field_font_size=\u00bb10px\u00bb border_width_all=\u00bb1px\u00bb border_color_all=\u00bb#000000&#8243; global_colors_info=\u00bb{}\u00bb][\/et_pb_contact_field][et_pb_contact_field field_id=\u00bbRGPD3&#8243; field_title=\u00bbTratamiento de datos*\u00bb field_type=\u00bbcheckbox\u00bb checkbox_options=\u00bb%91{%22value%22:%22Autorizo el tratamiento de mis datos para la elaboraci\u00f3n de perfiles%22,%22checked%22:0,%22dragID%22:-1}%93&#8243; fullwidth_field=\u00bbon\u00bb _builder_version=\u00bb4.16&#8243; _module_preset=\u00bbdefault\u00bb form_field_background_color=\u00bb#FFFFFF\u00bb form_field_text_color=\u00bb#000000&#8243; form_field_focus_background_color=\u00bb#FFFFFF\u00bb form_field_focus_text_color=\u00bb#000000&#8243; form_field_font=\u00bbHelvetica normal|600|on||||||\u00bb form_field_font_size=\u00bb10px\u00bb border_width_all=\u00bb1px\u00bb border_color_all=\u00bb#000000&#8243; global_colors_info=\u00bb{}\u00bb][\/et_pb_contact_field][et_pb_contact_field field_id=\u00bbRGPD4&#8243; field_title=\u00bbComunicaciones*\u00bb field_type=\u00bbcheckbox\u00bb checkbox_options=\u00bb%91{%22value%22:%22Deseo recibir comunicaciones comerciales y ofertas promocionales%22,%22checked%22:0,%22dragID%22:-1}%93&#8243; fullwidth_field=\u00bbon\u00bb _builder_version=\u00bb4.16&#8243; _module_preset=\u00bbdefault\u00bb form_field_background_color=\u00bb#FFFFFF\u00bb form_field_text_color=\u00bb#000000&#8243; form_field_focus_background_color=\u00bb#FFFFFF\u00bb form_field_focus_text_color=\u00bb#000000&#8243; form_field_font=\u00bbHelvetica normal|600|on||||||\u00bb form_field_font_size=\u00bb10px\u00bb border_width_all=\u00bb1px\u00bb border_color_all=\u00bb#000000&#8243; global_colors_info=\u00bb{}\u00bb][\/et_pb_contact_field][\/et_pb_contact_form][\/et_pb_column][\/et_pb_row][\/et_pb_section]<\/p>\n","protected":false},"excerpt":{"rendered":"<p>Abogado Patrimonial Reus- Abogado Patrimonial ReusEn Arasa Abogados ofrecemos nuestro servicio especializados para la Defensa legal del Patrimonio de nuestros clientes, una amplia experiencia con m\u00e1s de 40 a\u00f1os nos permiten tener un saber hacer y unos conocimientos amplios para poder ofrecer el mejor asesoramiento legal y la mejor defensa legal para cada situaci\u00f3n en [&hellip;]<\/p>\n","protected":false},"author":1,"featured_media":1028,"comment_status":"open","ping_status":"closed","template":"","meta":{"_et_pb_use_builder":"on","_et_pb_old_content":"","_et_gb_content_width":"","_monsterinsights_skip_tracking":false,"_monsterinsights_sitenote_active":false,"_monsterinsights_sitenote_note":"","_monsterinsights_sitenote_category":0,"footnotes":""},"project_category":[],"project_tag":[],"class_list":["post-1024","project","type-project","status-publish","has-post-thumbnail","hentry"],"yoast_head":"<!-- This site is optimized with the Yoast SEO plugin v18.6 - https:\/\/yoast.com\/wordpress\/plugins\/seo\/ -->\n<title>Abogado Patrimonial Reus - Despacho de Abogados<\/title>\n<meta name=\"description\" content=\"Abogado Patrimonial Reus - Derecho Civil Patrimonial, Derecho Administrativo, Derecho Urban\u00edstico, Bioderecho, Propiedad Intelectual\" \/>\n<meta name=\"robots\" content=\"index, follow, max-snippet:-1, max-image-preview:large, max-video-preview:-1\" \/>\n<link rel=\"canonical\" href=\"https:\/\/advocatsarasa.com\/es\/project\/abogado-patrimonial-reus\/\" \/>\n<meta property=\"og:locale\" content=\"es_ES\" \/>\n<meta property=\"og:type\" content=\"article\" \/>\n<meta property=\"og:title\" content=\"Abogado Patrimonial Reus - Despacho de Abogados\" \/>\n<meta property=\"og:description\" content=\"Abogado Patrimonial Reus - Derecho Civil Patrimonial, Derecho Administrativo, Derecho Urban\u00edstico, Bioderecho, Propiedad Intelectual\" \/>\n<meta property=\"og:url\" content=\"https:\/\/advocatsarasa.com\/es\/project\/abogado-patrimonial-reus\/\" \/>\n<meta property=\"og:site_name\" content=\"Advocats Arasa\" \/>\n<meta property=\"article:modified_time\" content=\"2022-05-18T11:34:21+00:00\" \/>\n<meta property=\"og:image\" content=\"https:\/\/advocatsarasa.com\/wp-content\/uploads\/2022\/05\/LINKEDIN-ADVOCATS-ARASA-1.jpg\" \/>\n\t<meta property=\"og:image:width\" content=\"800\" \/>\n\t<meta property=\"og:image:height\" content=\"566\" \/>\n\t<meta property=\"og:image:type\" content=\"image\/jpeg\" \/>\n<meta name=\"twitter:card\" content=\"summary_large_image\" \/>\n<meta name=\"twitter:label1\" content=\"Tiempo de lectura\" \/>\n\t<meta name=\"twitter:data1\" content=\"15 minutos\" \/>\n<script type=\"application\/ld+json\" class=\"yoast-schema-graph\">{\"@context\":\"https:\/\/schema.org\",\"@graph\":[{\"@type\":\"WebSite\",\"@id\":\"https:\/\/advocatsarasa.com\/es\/#website\",\"url\":\"https:\/\/advocatsarasa.com\/es\/\",\"name\":\"Advocats Arasa\",\"description\":\"Advocats Arasa a Reus - Dret civil patrimonial, dret administratiu local, Planejament urban\u00edstic, Dret administratiu general, gesti\u00f3 urban\u00edstica, Disciplina urban\u00edstica, Propietat intelectual, Bio\u00e8tica i Biojur\u00eddica\",\"potentialAction\":[{\"@type\":\"SearchAction\",\"target\":{\"@type\":\"EntryPoint\",\"urlTemplate\":\"https:\/\/advocatsarasa.com\/es\/?s={search_term_string}\"},\"query-input\":\"required name=search_term_string\"}],\"inLanguage\":\"es\"},{\"@type\":\"ImageObject\",\"@id\":\"https:\/\/advocatsarasa.com\/es\/project\/abogado-patrimonial-reus\/#primaryimage\",\"inLanguage\":\"es\",\"url\":\"https:\/\/advocatsarasa.com\/wp-content\/uploads\/2022\/05\/LINKEDIN-ADVOCATS-ARASA-1.jpg\",\"contentUrl\":\"https:\/\/advocatsarasa.com\/wp-content\/uploads\/2022\/05\/LINKEDIN-ADVOCATS-ARASA-1.jpg\",\"width\":800,\"height\":566,\"caption\":\"Abogado Patrimonial Reus\"},{\"@type\":\"WebPage\",\"@id\":\"https:\/\/advocatsarasa.com\/es\/project\/abogado-patrimonial-reus\/#webpage\",\"url\":\"https:\/\/advocatsarasa.com\/es\/project\/abogado-patrimonial-reus\/\",\"name\":\"Abogado Patrimonial Reus - Despacho de Abogados\",\"isPartOf\":{\"@id\":\"https:\/\/advocatsarasa.com\/es\/#website\"},\"primaryImageOfPage\":{\"@id\":\"https:\/\/advocatsarasa.com\/es\/project\/abogado-patrimonial-reus\/#primaryimage\"},\"datePublished\":\"2022-05-18T10:42:47+00:00\",\"dateModified\":\"2022-05-18T11:34:21+00:00\",\"description\":\"Abogado Patrimonial Reus - Derecho Civil Patrimonial, Derecho Administrativo, Derecho Urban\u00edstico, Bioderecho, Propiedad Intelectual\",\"breadcrumb\":{\"@id\":\"https:\/\/advocatsarasa.com\/es\/project\/abogado-patrimonial-reus\/#breadcrumb\"},\"inLanguage\":\"es\",\"potentialAction\":[{\"@type\":\"ReadAction\",\"target\":[\"https:\/\/advocatsarasa.com\/es\/project\/abogado-patrimonial-reus\/\"]}]},{\"@type\":\"BreadcrumbList\",\"@id\":\"https:\/\/advocatsarasa.com\/es\/project\/abogado-patrimonial-reus\/#breadcrumb\",\"itemListElement\":[{\"@type\":\"ListItem\",\"position\":1,\"name\":\"Inici\",\"item\":\"https:\/\/advocatsarasa.com\/es\/\"},{\"@type\":\"ListItem\",\"position\":2,\"name\":\"Proyectos\",\"item\":\"https:\/\/advocatsarasa.com\/es\/project\/\"},{\"@type\":\"ListItem\",\"position\":3,\"name\":\"Abogado Patrimonial Reus\"}]}]}<\/script>\n<!-- \/ Yoast SEO plugin. -->","yoast_head_json":{"title":"Abogado Patrimonial Reus - Despacho de Abogados","description":"Abogado Patrimonial Reus - Derecho Civil Patrimonial, Derecho Administrativo, Derecho Urban\u00edstico, Bioderecho, Propiedad Intelectual","robots":{"index":"index","follow":"follow","max-snippet":"max-snippet:-1","max-image-preview":"max-image-preview:large","max-video-preview":"max-video-preview:-1"},"canonical":"https:\/\/advocatsarasa.com\/es\/project\/abogado-patrimonial-reus\/","og_locale":"es_ES","og_type":"article","og_title":"Abogado Patrimonial Reus - Despacho de Abogados","og_description":"Abogado Patrimonial Reus - Derecho Civil Patrimonial, Derecho Administrativo, Derecho Urban\u00edstico, Bioderecho, Propiedad Intelectual","og_url":"https:\/\/advocatsarasa.com\/es\/project\/abogado-patrimonial-reus\/","og_site_name":"Advocats Arasa","article_modified_time":"2022-05-18T11:34:21+00:00","og_image":[{"width":800,"height":566,"url":"https:\/\/advocatsarasa.com\/wp-content\/uploads\/2022\/05\/LINKEDIN-ADVOCATS-ARASA-1.jpg","type":"image\/jpeg"}],"twitter_card":"summary_large_image","twitter_misc":{"Tiempo de lectura":"15 minutos"},"schema":{"@context":"https:\/\/schema.org","@graph":[{"@type":"WebSite","@id":"https:\/\/advocatsarasa.com\/es\/#website","url":"https:\/\/advocatsarasa.com\/es\/","name":"Advocats Arasa","description":"Advocats Arasa a Reus - Dret civil patrimonial, dret administratiu local, Planejament urban\u00edstic, Dret administratiu general, gesti\u00f3 urban\u00edstica, Disciplina urban\u00edstica, Propietat intelectual, Bio\u00e8tica i Biojur\u00eddica","potentialAction":[{"@type":"SearchAction","target":{"@type":"EntryPoint","urlTemplate":"https:\/\/advocatsarasa.com\/es\/?s={search_term_string}"},"query-input":"required name=search_term_string"}],"inLanguage":"es"},{"@type":"ImageObject","@id":"https:\/\/advocatsarasa.com\/es\/project\/abogado-patrimonial-reus\/#primaryimage","inLanguage":"es","url":"https:\/\/advocatsarasa.com\/wp-content\/uploads\/2022\/05\/LINKEDIN-ADVOCATS-ARASA-1.jpg","contentUrl":"https:\/\/advocatsarasa.com\/wp-content\/uploads\/2022\/05\/LINKEDIN-ADVOCATS-ARASA-1.jpg","width":800,"height":566,"caption":"Abogado Patrimonial Reus"},{"@type":"WebPage","@id":"https:\/\/advocatsarasa.com\/es\/project\/abogado-patrimonial-reus\/#webpage","url":"https:\/\/advocatsarasa.com\/es\/project\/abogado-patrimonial-reus\/","name":"Abogado Patrimonial Reus - Despacho de Abogados","isPartOf":{"@id":"https:\/\/advocatsarasa.com\/es\/#website"},"primaryImageOfPage":{"@id":"https:\/\/advocatsarasa.com\/es\/project\/abogado-patrimonial-reus\/#primaryimage"},"datePublished":"2022-05-18T10:42:47+00:00","dateModified":"2022-05-18T11:34:21+00:00","description":"Abogado Patrimonial Reus - Derecho Civil Patrimonial, Derecho Administrativo, Derecho Urban\u00edstico, Bioderecho, Propiedad Intelectual","breadcrumb":{"@id":"https:\/\/advocatsarasa.com\/es\/project\/abogado-patrimonial-reus\/#breadcrumb"},"inLanguage":"es","potentialAction":[{"@type":"ReadAction","target":["https:\/\/advocatsarasa.com\/es\/project\/abogado-patrimonial-reus\/"]}]},{"@type":"BreadcrumbList","@id":"https:\/\/advocatsarasa.com\/es\/project\/abogado-patrimonial-reus\/#breadcrumb","itemListElement":[{"@type":"ListItem","position":1,"name":"Inici","item":"https:\/\/advocatsarasa.com\/es\/"},{"@type":"ListItem","position":2,"name":"Proyectos","item":"https:\/\/advocatsarasa.com\/es\/project\/"},{"@type":"ListItem","position":3,"name":"Abogado Patrimonial Reus"}]}]}},"_links":{"self":[{"href":"https:\/\/advocatsarasa.com\/es\/wp-json\/wp\/v2\/project\/1024","targetHints":{"allow":["GET"]}}],"collection":[{"href":"https:\/\/advocatsarasa.com\/es\/wp-json\/wp\/v2\/project"}],"about":[{"href":"https:\/\/advocatsarasa.com\/es\/wp-json\/wp\/v2\/types\/project"}],"author":[{"embeddable":true,"href":"https:\/\/advocatsarasa.com\/es\/wp-json\/wp\/v2\/users\/1"}],"replies":[{"embeddable":true,"href":"https:\/\/advocatsarasa.com\/es\/wp-json\/wp\/v2\/comments?post=1024"}],"version-history":[{"count":8,"href":"https:\/\/advocatsarasa.com\/es\/wp-json\/wp\/v2\/project\/1024\/revisions"}],"predecessor-version":[{"id":1041,"href":"https:\/\/advocatsarasa.com\/es\/wp-json\/wp\/v2\/project\/1024\/revisions\/1041"}],"wp:featuredmedia":[{"embeddable":true,"href":"https:\/\/advocatsarasa.com\/es\/wp-json\/wp\/v2\/media\/1028"}],"wp:attachment":[{"href":"https:\/\/advocatsarasa.com\/es\/wp-json\/wp\/v2\/media?parent=1024"}],"wp:term":[{"taxonomy":"project_category","embeddable":true,"href":"https:\/\/advocatsarasa.com\/es\/wp-json\/wp\/v2\/project_category?post=1024"},{"taxonomy":"project_tag","embeddable":true,"href":"https:\/\/advocatsarasa.com\/es\/wp-json\/wp\/v2\/project_tag?post=1024"}],"curies":[{"name":"wp","href":"https:\/\/api.w.org\/{rel}","templated":true}]}}